{"id":287,"date":"2020-02-21T13:37:37","date_gmt":"2020-02-21T13:37:37","guid":{"rendered":"https:\/\/creatives-aus-stahl.de\/?page_id=287"},"modified":"2020-02-21T14:58:58","modified_gmt":"2020-02-21T14:58:58","slug":"impressum","status":"publish","type":"page","link":"https:\/\/creatives-aus-stahl.de\/index.php\/impressum\/","title":{"rendered":"Impressum"},"content":{"rendered":"\t\t<div data-elementor-type=\"wp-page\" data-elementor-id=\"287\" class=\"elementor elementor-287\" data-elementor-post-type=\"page\">\n\t\t\t\t\t\t<section class=\"elementor-section elementor-top-section elementor-element elementor-element-e5e6068 elementor-section-boxed elementor-section-height-default elementor-section-height-default\" data-id=\"e5e6068\" data-element_type=\"section\" data-e-type=\"section\" data-settings=\"{&quot;background_background&quot;:&quot;classic&quot;}\">\n\t\t\t\t\t\t<div class=\"elementor-container elementor-column-gap-default\">\n\t\t\t\t\t<div class=\"elementor-column elementor-col-50 elementor-top-column elementor-element elementor-element-6ee3bbf\" data-id=\"6ee3bbf\" data-element_type=\"column\" data-e-type=\"column\">\n\t\t\t<div class=\"elementor-widget-wrap elementor-element-populated\">\n\t\t\t\t\t\t<div class=\"elementor-element elementor-element-c5d9dc2 elementor-widget elementor-widget-heading\" data-id=\"c5d9dc2\" data-element_type=\"widget\" data-e-type=\"widget\" data-widget_type=\"heading.default\">\n\t\t\t\t<div class=\"elementor-widget-container\">\n\t\t\t\t\t<h2 class=\"elementor-heading-title elementor-size-default\">Impressum<\/h2>\t\t\t\t<\/div>\n\t\t\t\t<\/div>\n\t\t\t\t<div class=\"elementor-element elementor-element-c9597ad elementor-widget elementor-widget-text-editor\" data-id=\"c9597ad\" data-element_type=\"widget\" data-e-type=\"widget\" data-widget_type=\"text-editor.default\">\n\t\t\t\t<div class=\"elementor-widget-container\">\n\t\t\t\t\t\t\t\t\t<h4><strong>Angaben gem\u00e4\u00df \u00a7 5 TMG:<\/strong><\/h4><p class=\"elementor-heading-title elementor-size-default\"><strong>Creatives aus Stahl<br \/>&#8230;<br \/><\/strong><\/p><p class=\"elementor-heading-title elementor-size-default\"><strong>Creatives aus Stahl<br \/><\/strong>Hahnenkammstra\u00dfe 26<br \/>63755 Alzenau<br \/>Tel.: ( 06023 ) 4567<br \/>Fax: ( 06023 ) 503544<br \/>E-Mail: <a href=\"mailto:info@creatives-aus-stahl.de\">info@creatives-aus-stahl.de<\/a><\/p><p><strong>Adresse und Kontakt Betrieb:<br \/><\/strong>M\u00e4rkerstr. 5<br \/>63755 Alzenau<br \/>Tel.: ( 06023 ) 943270<br \/>Fax: ( 06023 ) 943271<\/p><p>\u00a0<\/p><h4><strong>Verantwortlich f\u00fcr den Inhalt nach \u00a7 55 Abs. 2 RStV:<\/strong><\/h4><p><strong>Creatives aus Stahl<br \/><\/strong>&#8230;<br \/>&#8230;<\/p><h4><strong>Streitschlichtung<\/strong><\/h4><p>Die Europ\u00e4ische Kommission stellt eine Plattform zur Online-Streitbeilegung (OS) bereit: <a href=\"https:\/\/ec.europa.eu\/consumers\/odr\" target=\"_blank\" rel=\"noopener\">https:\/\/ec.europa.eu\/consumers\/odr<\/a>.<br \/>Unsere E-Mail-Adresse finden Sie oben im Impressum.<\/p><p>Wir sind nicht bereit oder verpflichtet, an Streitbeilegungsverfahren vor einer Verbraucherschlichtungsstelle teilzunehmen.<\/p><h4><strong>Haftung f\u00fcr Inhalte<\/strong><\/h4><p>Als Diensteanbieter sind wir gem\u00e4\u00df \u00a7 7 Abs.1 TMG f\u00fcr eigene Inhalte auf diesen Seiten nach den allgemeinen Gesetzen verantwortlich. Nach \u00a7\u00a7 8 bis 10 TMG sind wir als Diensteanbieter jedoch nicht verpflichtet, \u00fcbermittelte oder gespeicherte fremde Informationen zu \u00fcberwachen oder nach Umst\u00e4nden zu forschen, die auf eine rechtswidrige T\u00e4tigkeit hinweisen.<\/p><p>Verpflichtungen zur Entfernung oder Sperrung der Nutzung von Informationen nach den allgemeinen Gesetzen bleiben hiervon unber\u00fchrt. Eine diesbez\u00fcgliche<br \/>Haftung ist jedoch erst ab dem Zeitpunkt der Kenntnis einer konkreten Rechtsverletzung m\u00f6glich. Bei Bekanntwerden von entsprechenden Rechtsverletzungen werden wir diese Inhalte umgehend<br \/>entfernen.<\/p><h4><strong>Haftung f\u00fcr Links<\/strong><\/h4><p>Unser Angebot enth\u00e4lt Links zu externen Websites Dritter, auf deren Inhalte wir keinen Einfluss haben. Deshalb k\u00f6nnen wir f\u00fcr diese fremden Inhalte auch keine Gew\u00e4hr \u00fcbernehmen. F\u00fcr die Inhalte der verlinkten Seiten ist stets der jeweilige Anbieter oder Betreiber der Seiten verantwortlich. Die verlinkten Seiten wurden zum<br \/>Zeitpunkt der Verlinkung auf m\u00f6gliche Rechtsverst\u00f6\u00dfe \u00fcberpr\u00fcft. Rechtswidrige Inhalte waren zum Zeitpunkt der Verlinkung nicht erkennbar.<\/p><p>Eine permanente inhaltliche Kontrolle der verlinkten Seiten ist jedoch ohne konkrete Anhaltspunkte einer Rechtsverletzung nicht zumutbar. Bei Bekanntwerden von Rechtsverletzungen werden wir derartige Links umgehend entfernen.<\/p><h4><strong>Urheberrecht<\/strong><\/h4><p>Die durch die Seitenbetreiber erstellten Inhalte und Werke auf diesen Seiten unterliegen dem deutschen Urheberrecht. Die Vervielf\u00e4ltigung, Bearbeitung, Verbreitung und jede Art der Verwertung au\u00dferhalb der Grenzen des Urheberrechtes bed\u00fcrfen der schriftlichen Zustimmung des jeweiligen Autors bzw. Erstellers. Downloads und Kopien dieser Seite sind nur f\u00fcr den privaten, nicht kommerziellen Gebrauch gestattet.<\/p><p>Soweit die Inhalte auf dieser Seite nicht vom Betreiber erstellt wurden, werden die Urheberrechte Dritter beachtet. Insbesondere werden Inhalte Dritter als solche gekennzeichnet. Sollten Sie trotzdem auf eine Urheberrechtsverletzung aufmerksam werden, bitten wir um einen entsprechenden Hinweis. Bei Bekanntwerden von Rechtsverletzungen werden wir derartige Inhalte umgehend entfernen.<\/p>\t\t\t\t\t\t\t\t<\/div>\n\t\t\t\t<\/div>\n\t\t\t\t\t<\/div>\n\t\t<\/div>\n\t\t\t\t<div class=\"elementor-column elementor-col-50 elementor-top-column elementor-element elementor-element-474da48\" data-id=\"474da48\" data-element_type=\"column\" data-e-type=\"column\">\n\t\t\t<div class=\"elementor-widget-wrap\">\n\t\t\t\t\t\t\t<\/div>\n\t\t<\/div>\n\t\t\t\t\t<\/div>\n\t\t<\/section>\n\t\t\t\t<\/div>\n\t\t","protected":false},"excerpt":{"rendered":"<p>Impressum Angaben gem\u00e4\u00df \u00a7 5 TMG: Creatives aus Stahl&#8230; Creatives aus StahlHahnenkammstra\u00dfe 2663755 AlzenauTel.: ( 06023 ) 4567Fax: ( 06023 ) 503544E-Mail: info@creatives-aus-stahl.de Adresse und Kontakt Betrieb:M\u00e4rkerstr. 563755 AlzenauTel.: ( 06023 ) 943270Fax: ( 06023 ) 943271 \u00a0 Verantwortlich f\u00fcr den Inhalt nach \u00a7 55 Abs. 2 RStV: Creatives aus Stahl&#8230;&#8230; Streitschlichtung Die Europ\u00e4ische Kommission [&hellip;]<\/p>\n","protected":false},"author":1,"featured_media":0,"parent":0,"menu_order":0,"comment_status":"closed","ping_status":"closed","template":"","meta":{"site-sidebar-layout":"no-sidebar","site-content-layout":"page-builder","ast-site-content-layout":"default","site-content-style":"default","site-sidebar-style":"default","ast-global-header-display":"","ast-banner-title-visibility":"","ast-main-header-display":"","ast-hfb-above-header-display":"","ast-hfb-below-header-display":"","ast-hfb-mobile-header-display":"","site-post-title":"disabled","ast-breadcrumbs-content":"","ast-featured-img":"disabled","footer-sml-layout":"","theme-transparent-header-meta":"default","adv-header-id-meta":"","stick-header-meta":"","header-above-stick-meta":"","header-main-stick-meta":"","header-below-stick-meta":"","astra-migrate-meta-layouts":"default","ast-page-background-enabled":"default","ast-page-background-meta":{"desktop":{"background-color":"","background-image":"","background-repeat":"repeat","background-position":"center center","background-size":"auto","background-attachment":"scroll","background-type":"","background-media":"","overlay-type":"","overlay-color":"","overlay-opacity":"","overlay-gradient":""},"tablet":{"background-color":"","background-image":"","background-repeat":"repeat","background-position":"center center","background-size":"auto","background-attachment":"scroll","background-type":"","background-media":"","overlay-type":"","overlay-color":"","overlay-opacity":"","overlay-gradient":""},"mobile":{"background-color":"","background-image":"","background-repeat":"repeat","background-position":"center center","background-size":"auto","background-attachment":"scroll","background-type":"","background-media":"","overlay-type":"","overlay-color":"","overlay-opacity":"","overlay-gradient":""}},"ast-content-background-meta":{"desktop":{"background-color":"var(--ast-global-color-5)","background-image":"","background-repeat":"repeat","background-position":"center center","background-size":"auto","background-attachment":"scroll","background-type":"","background-media":"","overlay-type":"","overlay-color":"","overlay-opacity":"","overlay-gradient":""},"tablet":{"background-color":"var(--ast-global-color-5)","background-image":"","background-repeat":"repeat","background-position":"center center","background-size":"auto","background-attachment":"scroll","background-type":"","background-media":"","overlay-type":"","overlay-color":"","overlay-opacity":"","overlay-gradient":""},"mobile":{"background-color":"var(--ast-global-color-5)","background-image":"","background-repeat":"repeat","background-position":"center center","background-size":"auto","background-attachment":"scroll","background-type":"","background-media":"","overlay-type":"","overlay-color":"","overlay-opacity":"","overlay-gradient":""}},"footnotes":""},"class_list":["post-287","page","type-page","status-publish","hentry"],"yoast_head":"<!-- This site is optimized with the Yoast SEO plugin v27.4 - https:\/\/yoast.com\/product\/yoast-seo-wordpress\/ -->\n<title>Impressum - Creatives aus Stahl<\/title>\n<meta name=\"robots\" content=\"index, follow, max-snippet:-1, max-image-preview:large, max-video-preview:-1\" \/>\n<link rel=\"canonical\" href=\"https:\/\/creatives-aus-stahl.de\/index.php\/impressum\/\" \/>\n<meta property=\"og:locale\" content=\"de_DE\" \/>\n<meta property=\"og:type\" content=\"article\" \/>\n<meta property=\"og:title\" content=\"Impressum - Creatives aus Stahl\" \/>\n<meta property=\"og:description\" content=\"Impressum Angaben gem\u00e4\u00df \u00a7 5 TMG: Creatives aus Stahl&#8230; Creatives aus StahlHahnenkammstra\u00dfe 2663755 AlzenauTel.: ( 06023 ) 4567Fax: ( 06023 ) 503544E-Mail: info@creatives-aus-stahl.de Adresse und Kontakt Betrieb:M\u00e4rkerstr. 563755 AlzenauTel.: ( 06023 ) 943270Fax: ( 06023 ) 943271 \u00a0 Verantwortlich f\u00fcr den Inhalt nach \u00a7 55 Abs. 2 RStV: Creatives aus Stahl&#8230;&#8230; Streitschlichtung Die Europ\u00e4ische Kommission [&hellip;]\" \/>\n<meta property=\"og:url\" content=\"https:\/\/creatives-aus-stahl.de\/index.php\/impressum\/\" \/>\n<meta property=\"og:site_name\" content=\"Creatives aus Stahl\" \/>\n<meta property=\"article:modified_time\" content=\"2020-02-21T14:58:58+00:00\" \/>\n<meta name=\"twitter:card\" content=\"summary_large_image\" \/>\n<meta name=\"twitter:label1\" content=\"Gesch\u00e4tzte Lesezeit\" \/>\n\t<meta name=\"twitter:data1\" content=\"2\u00a0Minuten\" \/>\n<script type=\"application\/ld+json\" class=\"yoast-schema-graph\">{\"@context\":\"https:\\\/\\\/schema.org\",\"@graph\":[{\"@type\":\"WebPage\",\"@id\":\"https:\\\/\\\/creatives-aus-stahl.de\\\/index.php\\\/impressum\\\/\",\"url\":\"https:\\\/\\\/creatives-aus-stahl.de\\\/index.php\\\/impressum\\\/\",\"name\":\"Impressum - Creatives aus Stahl\",\"isPartOf\":{\"@id\":\"https:\\\/\\\/creatives-aus-stahl.de\\\/#website\"},\"datePublished\":\"2020-02-21T13:37:37+00:00\",\"dateModified\":\"2020-02-21T14:58:58+00:00\",\"breadcrumb\":{\"@id\":\"https:\\\/\\\/creatives-aus-stahl.de\\\/index.php\\\/impressum\\\/#breadcrumb\"},\"inLanguage\":\"de\",\"potentialAction\":[{\"@type\":\"ReadAction\",\"target\":[\"https:\\\/\\\/creatives-aus-stahl.de\\\/index.php\\\/impressum\\\/\"]}]},{\"@type\":\"BreadcrumbList\",\"@id\":\"https:\\\/\\\/creatives-aus-stahl.de\\\/index.php\\\/impressum\\\/#breadcrumb\",\"itemListElement\":[{\"@type\":\"ListItem\",\"position\":1,\"name\":\"Startseite\",\"item\":\"https:\\\/\\\/creatives-aus-stahl.de\\\/\"},{\"@type\":\"ListItem\",\"position\":2,\"name\":\"Impressum\"}]},{\"@type\":\"WebSite\",\"@id\":\"https:\\\/\\\/creatives-aus-stahl.de\\\/#website\",\"url\":\"https:\\\/\\\/creatives-aus-stahl.de\\\/\",\"name\":\"Creatives aus Stahl\",\"description\":\"von Reichenbach\",\"publisher\":{\"@id\":\"https:\\\/\\\/creatives-aus-stahl.de\\\/#organization\"},\"potentialAction\":[{\"@type\":\"SearchAction\",\"target\":{\"@type\":\"EntryPoint\",\"urlTemplate\":\"https:\\\/\\\/creatives-aus-stahl.de\\\/?s={search_term_string}\"},\"query-input\":{\"@type\":\"PropertyValueSpecification\",\"valueRequired\":true,\"valueName\":\"search_term_string\"}}],\"inLanguage\":\"de\"},{\"@type\":\"Organization\",\"@id\":\"https:\\\/\\\/creatives-aus-stahl.de\\\/#organization\",\"name\":\"Creatives aus Stahl\",\"url\":\"https:\\\/\\\/creatives-aus-stahl.de\\\/\",\"logo\":{\"@type\":\"ImageObject\",\"inLanguage\":\"de\",\"@id\":\"https:\\\/\\\/creatives-aus-stahl.de\\\/#\\\/schema\\\/logo\\\/image\\\/\",\"url\":\"https:\\\/\\\/creatives-aus-stahl.de\\\/wp-content\\\/uploads\\\/2020\\\/01\\\/logo_Redesign.png\",\"contentUrl\":\"https:\\\/\\\/creatives-aus-stahl.de\\\/wp-content\\\/uploads\\\/2020\\\/01\\\/logo_Redesign.png\",\"width\":188,\"height\":99,\"caption\":\"Creatives aus Stahl\"},\"image\":{\"@id\":\"https:\\\/\\\/creatives-aus-stahl.de\\\/#\\\/schema\\\/logo\\\/image\\\/\"}}]}<\/script>\n<!-- \/ Yoast SEO plugin. -->","yoast_head_json":{"title":"Impressum - Creatives aus Stahl","robots":{"index":"index","follow":"follow","max-snippet":"max-snippet:-1","max-image-preview":"max-image-preview:large","max-video-preview":"max-video-preview:-1"},"canonical":"https:\/\/creatives-aus-stahl.de\/index.php\/impressum\/","og_locale":"de_DE","og_type":"article","og_title":"Impressum - Creatives aus Stahl","og_description":"Impressum Angaben gem\u00e4\u00df \u00a7 5 TMG: Creatives aus Stahl&#8230; Creatives aus StahlHahnenkammstra\u00dfe 2663755 AlzenauTel.: ( 06023 ) 4567Fax: ( 06023 ) 503544E-Mail: info@creatives-aus-stahl.de Adresse und Kontakt Betrieb:M\u00e4rkerstr. 563755 AlzenauTel.: ( 06023 ) 943270Fax: ( 06023 ) 943271 \u00a0 Verantwortlich f\u00fcr den Inhalt nach \u00a7 55 Abs. 2 RStV: Creatives aus Stahl&#8230;&#8230; Streitschlichtung Die Europ\u00e4ische Kommission [&hellip;]","og_url":"https:\/\/creatives-aus-stahl.de\/index.php\/impressum\/","og_site_name":"Creatives aus Stahl","article_modified_time":"2020-02-21T14:58:58+00:00","twitter_card":"summary_large_image","twitter_misc":{"Gesch\u00e4tzte Lesezeit":"2\u00a0Minuten"},"schema":{"@context":"https:\/\/schema.org","@graph":[{"@type":"WebPage","@id":"https:\/\/creatives-aus-stahl.de\/index.php\/impressum\/","url":"https:\/\/creatives-aus-stahl.de\/index.php\/impressum\/","name":"Impressum - Creatives aus Stahl","isPartOf":{"@id":"https:\/\/creatives-aus-stahl.de\/#website"},"datePublished":"2020-02-21T13:37:37+00:00","dateModified":"2020-02-21T14:58:58+00:00","breadcrumb":{"@id":"https:\/\/creatives-aus-stahl.de\/index.php\/impressum\/#breadcrumb"},"inLanguage":"de","potentialAction":[{"@type":"ReadAction","target":["https:\/\/creatives-aus-stahl.de\/index.php\/impressum\/"]}]},{"@type":"BreadcrumbList","@id":"https:\/\/creatives-aus-stahl.de\/index.php\/impressum\/#breadcrumb","itemListElement":[{"@type":"ListItem","position":1,"name":"Startseite","item":"https:\/\/creatives-aus-stahl.de\/"},{"@type":"ListItem","position":2,"name":"Impressum"}]},{"@type":"WebSite","@id":"https:\/\/creatives-aus-stahl.de\/#website","url":"https:\/\/creatives-aus-stahl.de\/","name":"Creatives aus Stahl","description":"von Reichenbach","publisher":{"@id":"https:\/\/creatives-aus-stahl.de\/#organization"},"potentialAction":[{"@type":"SearchAction","target":{"@type":"EntryPoint","urlTemplate":"https:\/\/creatives-aus-stahl.de\/?s={search_term_string}"},"query-input":{"@type":"PropertyValueSpecification","valueRequired":true,"valueName":"search_term_string"}}],"inLanguage":"de"},{"@type":"Organization","@id":"https:\/\/creatives-aus-stahl.de\/#organization","name":"Creatives aus Stahl","url":"https:\/\/creatives-aus-stahl.de\/","logo":{"@type":"ImageObject","inLanguage":"de","@id":"https:\/\/creatives-aus-stahl.de\/#\/schema\/logo\/image\/","url":"https:\/\/creatives-aus-stahl.de\/wp-content\/uploads\/2020\/01\/logo_Redesign.png","contentUrl":"https:\/\/creatives-aus-stahl.de\/wp-content\/uploads\/2020\/01\/logo_Redesign.png","width":188,"height":99,"caption":"Creatives aus Stahl"},"image":{"@id":"https:\/\/creatives-aus-stahl.de\/#\/schema\/logo\/image\/"}}]}},"_links":{"self":[{"href":"https:\/\/creatives-aus-stahl.de\/index.php\/wp-json\/wp\/v2\/pages\/287","targetHints":{"allow":["GET"]}}],"collection":[{"href":"https:\/\/creatives-aus-stahl.de\/index.php\/wp-json\/wp\/v2\/pages"}],"about":[{"href":"https:\/\/creatives-aus-stahl.de\/index.php\/wp-json\/wp\/v2\/types\/page"}],"author":[{"embeddable":true,"href":"https:\/\/creatives-aus-stahl.de\/index.php\/wp-json\/wp\/v2\/users\/1"}],"replies":[{"embeddable":true,"href":"https:\/\/creatives-aus-stahl.de\/index.php\/wp-json\/wp\/v2\/comments?post=287"}],"version-history":[{"count":5,"href":"https:\/\/creatives-aus-stahl.de\/index.php\/wp-json\/wp\/v2\/pages\/287\/revisions"}],"predecessor-version":[{"id":333,"href":"https:\/\/creatives-aus-stahl.de\/index.php\/wp-json\/wp\/v2\/pages\/287\/revisions\/333"}],"wp:attachment":[{"href":"https:\/\/creatives-aus-stahl.de\/index.php\/wp-json\/wp\/v2\/media?parent=287"}],"curies":[{"name":"wp","href":"https:\/\/api.w.org\/{rel}","templated":true}]}}